
{"id":4070,"date":"2023-09-24T13:21:23","date_gmt":"2023-09-24T11:21:23","guid":{"rendered":"https:\/\/www.yvornedillet.ch\/geschichte\/"},"modified":"2025-07-13T11:45:32","modified_gmt":"2025-07-13T09:45:32","slug":"geschichte","status":"publish","type":"page","link":"https:\/\/www.yvornedillet.ch\/de\/geschichte\/","title":{"rendered":"Geschichte"},"content":{"rendered":"\t\t<div data-elementor-type=\"wp-page\" data-elementor-id=\"4070\" class=\"elementor elementor-4070 elementor-3098\">\n\t\t\t\t<div class=\"elementor-element elementor-element-640faae e-flex e-con-boxed sc_layouts_column_icons_position_left e-con e-parent\" data-id=\"640faae\" data-element_type=\"container\" data-e-type=\"container\">\n\t\t\t\t\t<div class=\"e-con-inner\">\n\t\t<div class=\"elementor-element elementor-element-78bb51e e-con-full e-flex sc_layouts_column_icons_position_left e-con e-child\" data-id=\"78bb51e\" data-element_type=\"container\" data-e-type=\"container\">\n\t\t\t\t<div class=\"elementor-element elementor-element-db3cee6 sc_fly_static elementor-widget elementor-widget-heading\" data-id=\"db3cee6\" data-element_type=\"widget\" data-e-type=\"widget\" data-widget_type=\"heading.default\">\n\t\t\t\t<div class=\"elementor-widget-container\">\n\t\t\t\t\t<h2 class=\"elementor-heading-title elementor-size-default\">Das Weingut<\/h2>\t\t\t\t<\/div>\n\t\t\t\t<\/div>\n\t\t\t\t<div class=\"elementor-element elementor-element-80c7a4b elementor-position-inline-start elementor-view-default elementor-mobile-position-block-start sc_fly_static elementor-widget elementor-widget-icon-box\" data-id=\"80c7a4b\" data-element_type=\"widget\" data-e-type=\"widget\" data-widget_type=\"icon-box.default\">\n\t\t\t\t<div class=\"elementor-widget-container\">\n\t\t\t\t\t\t\t<div class=\"elementor-icon-box-wrapper\">\n\n\t\t\t\t\t\t<div class=\"elementor-icon-box-icon\">\n\t\t\t\t<span  class=\"elementor-icon\">\n\t\t\t\t<i aria-hidden=\"true\" class=\"fas fa-house-user\"><\/i>\t\t\t\t<\/span>\n\t\t\t<\/div>\n\t\t\t\n\t\t\t\t\t\t<div class=\"elementor-icon-box-content\">\n\n\t\t\t\t\t\t\t\t\t<h4 class=\"elementor-icon-box-title\">\n\t\t\t\t\t\t<span  >\n\t\t\t\t\t\t\tDas Weingut Dillet\t\t\t\t\t\t<\/span>\n\t\t\t\t\t<\/h4>\n\t\t\t\t\n\t\t\t\t\t\t\t\t\t<p class=\"elementor-icon-box-description\">\n\t\t\t\t\t\tAus Yvorne und Ch\u00e2teau-d\u2019Oex stammend, hat sich seit Generationen ein Zweig der Minod in Yvorne niedergelassen. Die Familie Minod ist seit 1777 B\u00fcrger dieser Gemeinde. Sie baut Wein an und erzeugt ihn seit sechs Generationen. Es ist bereits die zweite Generation der Selbsteinkellerer, die Wein unter dem Kennzeichen \u00ab Domaine Dillet \u00bb abf\u00fcllt.\t\t\t\t\t<\/p>\n\t\t\t\t\n\t\t\t<\/div>\n\t\t\t\n\t\t<\/div>\n\t\t\t\t\t\t<\/div>\n\t\t\t\t<\/div>\n\t\t\t\t<div class=\"elementor-element elementor-element-d066d2c elementor-position-inline-end elementor-view-default elementor-mobile-position-block-start sc_fly_static elementor-widget elementor-widget-icon-box\" data-id=\"d066d2c\" data-element_type=\"widget\" data-e-type=\"widget\" data-widget_type=\"icon-box.default\">\n\t\t\t\t<div class=\"elementor-widget-container\">\n\t\t\t\t\t\t\t<div class=\"elementor-icon-box-wrapper\">\n\n\t\t\t\t\t\t<div class=\"elementor-icon-box-icon\">\n\t\t\t\t<span  class=\"elementor-icon\">\n\t\t\t\t<i aria-hidden=\"true\" class=\"fas fa-city\"><\/i>\t\t\t\t<\/span>\n\t\t\t<\/div>\n\t\t\t\n\t\t\t\t\t\t<div class=\"elementor-icon-box-content\">\n\n\t\t\t\t\t\t\t\t\t<h4 class=\"elementor-icon-box-title\">\n\t\t\t\t\t\t<span  >\n\t\t\t\t\t\t\tDas Dorf Yvorne\t\t\t\t\t\t<\/span>\n\t\t\t\t\t<\/h4>\n\t\t\t\t\n\t\t\t\t\t\t\t\t\t<p class=\"elementor-icon-box-description\">\n\t\t\t\t\t\tVom gallo-r\u00f6mischen Zeitalter, unter dem Namen Evernum, bis zur heutigen Zeit hat Yvorne vieles erlebt. Der Erdrutsch von 1584 ist schwierig zu verschweigen, das Dorf wurde zerst\u00f6rt. Man h\u00e4lt jedoch fest, dass Yvorne eine der gr\u00f6ssten Weinbaugemeinden des Kantons ist.\t\t\t\t\t<\/p>\n\t\t\t\t\n\t\t\t<\/div>\n\t\t\t\n\t\t<\/div>\n\t\t\t\t\t\t<\/div>\n\t\t\t\t<\/div>\n\t\t\t\t<div class=\"elementor-element elementor-element-e414513 elementor-position-inline-start elementor-view-default elementor-mobile-position-block-start sc_fly_static elementor-widget elementor-widget-icon-box\" data-id=\"e414513\" data-element_type=\"widget\" data-e-type=\"widget\" data-widget_type=\"icon-box.default\">\n\t\t\t\t<div class=\"elementor-widget-container\">\n\t\t\t\t\t\t\t<div class=\"elementor-icon-box-wrapper\">\n\n\t\t\t\t\t\t<div class=\"elementor-icon-box-icon\">\n\t\t\t\t<span  class=\"elementor-icon\">\n\t\t\t\t<i aria-hidden=\"true\" class=\"fas fa-wine-bottle\"><\/i>\t\t\t\t<\/span>\n\t\t\t<\/div>\n\t\t\t\n\t\t\t\t\t\t<div class=\"elementor-icon-box-content\">\n\n\t\t\t\t\t\t\t\t\t<h4 class=\"elementor-icon-box-title\">\n\t\t\t\t\t\t<span  >\n\t\t\t\t\t\t\tDer Weinberg\t\t\t\t\t\t<\/span>\n\t\t\t\t\t<\/h4>\n\t\t\t\t\n\t\t\t\t\t\t\t\t\t<p class=\"elementor-icon-box-description\">\n\t\t\t\t\t\tWir bewirtschaften 6 Hektar Weinberge mit gro\u00dfem Respekt vor der Natur und sind Teil der Appellation Yvorne Grandeur Nature, die ein Modell f\u00fcr nachhaltige Entwicklung ist, das die Tier- und Pflanzenwelt schont.\nDer Ruf des Yvorner Weinbergs ist weithin bekannt f\u00fcr sein Terroir und seine au\u00dfergew\u00f6hnlichen Chasselas. \n\t\t\t\t\t<\/p>\n\t\t\t\t\n\t\t\t<\/div>\n\t\t\t\n\t\t<\/div>\n\t\t\t\t\t\t<\/div>\n\t\t\t\t<\/div>\n\t\t\t\t<\/div>\n\t\t<div class=\"elementor-element elementor-element-8a4081d e-con-full e-flex sc_layouts_column_icons_position_left e-con e-child\" data-id=\"8a4081d\" data-element_type=\"container\" data-e-type=\"container\">\n\t\t\t\t<div data-animation-type=\"block\" class=\"elementor-element elementor-element-2b71255 animation_type_block sc_fly_static elementor-invisible elementor-widget elementor-widget-image\" data-id=\"2b71255\" data-element_type=\"widget\" data-e-type=\"widget\" data-settings=\"{&quot;_animation&quot;:&quot;slideInRight&quot;}\" data-widget_type=\"image.default\">\n\t\t\t\t<div class=\"elementor-widget-container\">\n\t\t\t\t\t\t\t\t\t\t\t\t\t\t\t<img fetchpriority=\"high\" decoding=\"async\" width=\"1024\" height=\"691\" src=\"https:\/\/www.yvornedillet.ch\/wp-content\/uploads\/2025\/05\/DSC_0065_editedE1-1-1024x691.jpg\" class=\"attachment-large size-large wp-image-4029\" alt=\"\" srcset=\"https:\/\/www.yvornedillet.ch\/wp-content\/uploads\/2025\/05\/DSC_0065_editedE1-1-1024x691.jpg 1024w, https:\/\/www.yvornedillet.ch\/wp-content\/uploads\/2025\/05\/DSC_0065_editedE1-1-300x202.jpg 300w, https:\/\/www.yvornedillet.ch\/wp-content\/uploads\/2025\/05\/DSC_0065_editedE1-1-768x518.jpg 768w, https:\/\/www.yvornedillet.ch\/wp-content\/uploads\/2025\/05\/DSC_0065_editedE1-1-1536x1036.jpg 1536w, https:\/\/www.yvornedillet.ch\/wp-content\/uploads\/2025\/05\/DSC_0065_editedE1-1-2048x1382.jpg 2048w, https:\/\/www.yvornedillet.ch\/wp-content\/uploads\/2025\/05\/DSC_0065_editedE1-1-370x250.jpg 370w, https:\/\/www.yvornedillet.ch\/wp-content\/uploads\/2025\/05\/DSC_0065_editedE1-1-840x567.jpg 840w, https:\/\/www.yvornedillet.ch\/wp-content\/uploads\/2025\/05\/DSC_0065_editedE1-1-410x277.jpg 410w, https:\/\/www.yvornedillet.ch\/wp-content\/uploads\/2025\/05\/DSC_0065_editedE1-1-600x405.jpg 600w\" sizes=\"(max-width: 1024px) 100vw, 1024px\" \/>\t\t\t\t\t\t\t\t\t\t\t\t\t\t\t<\/div>\n\t\t\t\t<\/div>\n\t\t\t\t<div data-animation-type=\"block\" class=\"elementor-element elementor-element-6e5027a animation_type_block sc_fly_static elementor-invisible elementor-widget elementor-widget-image\" data-id=\"6e5027a\" data-element_type=\"widget\" data-e-type=\"widget\" data-settings=\"{&quot;_animation&quot;:&quot;slideInRight&quot;}\" data-widget_type=\"image.default\">\n\t\t\t\t<div class=\"elementor-widget-container\">\n\t\t\t\t\t\t\t\t\t\t\t\t\t\t\t<img decoding=\"async\" width=\"1024\" height=\"683\" src=\"https:\/\/www.yvornedillet.ch\/wp-content\/uploads\/2025\/05\/DSC_0663_edited-1024x683.jpg\" class=\"attachment-large size-large wp-image-4033\" alt=\"\" srcset=\"https:\/\/www.yvornedillet.ch\/wp-content\/uploads\/2025\/05\/DSC_0663_edited-1024x683.jpg 1024w, https:\/\/www.yvornedillet.ch\/wp-content\/uploads\/2025\/05\/DSC_0663_edited-300x200.jpg 300w, https:\/\/www.yvornedillet.ch\/wp-content\/uploads\/2025\/05\/DSC_0663_edited-768x512.jpg 768w, https:\/\/www.yvornedillet.ch\/wp-content\/uploads\/2025\/05\/DSC_0663_edited-1536x1024.jpg 1536w, https:\/\/www.yvornedillet.ch\/wp-content\/uploads\/2025\/05\/DSC_0663_edited-2048x1365.jpg 2048w, https:\/\/www.yvornedillet.ch\/wp-content\/uploads\/2025\/05\/DSC_0663_edited-370x247.jpg 370w, https:\/\/www.yvornedillet.ch\/wp-content\/uploads\/2025\/05\/DSC_0663_edited-840x560.jpg 840w, https:\/\/www.yvornedillet.ch\/wp-content\/uploads\/2025\/05\/DSC_0663_edited-410x273.jpg 410w, https:\/\/www.yvornedillet.ch\/wp-content\/uploads\/2025\/05\/DSC_0663_edited-600x400.jpg 600w\" sizes=\"(max-width: 1024px) 100vw, 1024px\" \/>\t\t\t\t\t\t\t\t\t\t\t\t\t\t\t<\/div>\n\t\t\t\t<\/div>\n\t\t\t\t<\/div>\n\t\t\t\t\t<\/div>\n\t\t\t\t<\/div>\n\t\t<div class=\"e-con-with-custom-width elementor-element elementor-element-fa2115b e-flex e-con-boxed sc_layouts_column_icons_position_left e-con e-parent\" data-id=\"fa2115b\" data-element_type=\"container\" data-e-type=\"container\" data-settings=\"{&quot;background_background&quot;:&quot;classic&quot;}\">\n\t\t\t\t\t<div class=\"e-con-inner\">\n\t\t\t\t<div class=\"elementor-element elementor-element-e565d0f sc_fly_static elementor-widget elementor-widget-heading\" data-id=\"e565d0f\" data-element_type=\"widget\" data-e-type=\"widget\" data-widget_type=\"heading.default\">\n\t\t\t\t<div class=\"elementor-widget-container\">\n\t\t\t\t\t<h2 class=\"elementor-heading-title elementor-size-default\">Ein Familienbetrieb<\/h2>\t\t\t\t<\/div>\n\t\t\t\t<\/div>\n\t\t\t\t<div class=\"elementor-element elementor-element-2a746da sc_fly_static elementor-widget elementor-widget-text-editor\" data-id=\"2a746da\" data-element_type=\"widget\" data-e-type=\"widget\" data-widget_type=\"text-editor.default\">\n\t\t\t\t<div class=\"elementor-widget-container\">\n\t\t\t\t\t\t\t\t\t<p>Eric und Sylvia leiten das Weingut seit 2002. Die Kinder C\u00e9line mit einem Diplom in \u00d6nologie und Dorian mit einem Diplom in Weinbau kommen derzeit auf das Gut und werden die siebte Generation darstellen.<\/p>\t\t\t\t\t\t\t\t<\/div>\n\t\t\t\t<\/div>\n\t\t\t\t<div class=\"elementor-element elementor-element-ef0e5ba sc_fly_static elementor-widget elementor-widget-image\" data-id=\"ef0e5ba\" data-element_type=\"widget\" data-e-type=\"widget\" data-widget_type=\"image.default\">\n\t\t\t\t<div class=\"elementor-widget-container\">\n\t\t\t\t\t\t\t\t\t\t\t\t\t\t\t<img decoding=\"async\" width=\"1024\" height=\"682\" src=\"https:\/\/www.yvornedillet.ch\/wp-content\/uploads\/2022\/07\/IMG-20220615-WA0031-1024x682.jpg\" class=\"attachment-large size-large wp-image-3915\" alt=\"\" srcset=\"https:\/\/www.yvornedillet.ch\/wp-content\/uploads\/2022\/07\/IMG-20220615-WA0031-1024x682.jpg 1024w, https:\/\/www.yvornedillet.ch\/wp-content\/uploads\/2022\/07\/IMG-20220615-WA0031-600x400.jpg 600w, https:\/\/www.yvornedillet.ch\/wp-content\/uploads\/2022\/07\/IMG-20220615-WA0031-300x200.jpg 300w, https:\/\/www.yvornedillet.ch\/wp-content\/uploads\/2022\/07\/IMG-20220615-WA0031-768x512.jpg 768w, https:\/\/www.yvornedillet.ch\/wp-content\/uploads\/2022\/07\/IMG-20220615-WA0031-1536x1023.jpg 1536w, https:\/\/www.yvornedillet.ch\/wp-content\/uploads\/2022\/07\/IMG-20220615-WA0031-1170x780.jpg 1170w, https:\/\/www.yvornedillet.ch\/wp-content\/uploads\/2022\/07\/IMG-20220615-WA0031-870x580.jpg 870w, https:\/\/www.yvornedillet.ch\/wp-content\/uploads\/2022\/07\/IMG-20220615-WA0031-390x260.jpg 390w, https:\/\/www.yvornedillet.ch\/wp-content\/uploads\/2022\/07\/IMG-20220615-WA0031.jpg 1600w\" sizes=\"(max-width: 1024px) 100vw, 1024px\" \/>\t\t\t\t\t\t\t\t\t\t\t\t\t\t\t<\/div>\n\t\t\t\t<\/div>\n\t\t\t\t\t<\/div>\n\t\t\t\t<\/div>\n\t\t\t\t<\/div>\n\t\t","protected":false},"excerpt":{"rendered":"<p>Das Weingut Das Weingut Dillet Aus Yvorne und Ch\u00e2teau-d\u2019Oex stammend, hat sich seit Generationen ein Zweig der Minod in Yvorne niedergelassen. Die Familie Minod ist seit 1777 B\u00fcrger dieser Gemeinde.&hellip;<\/p>\n","protected":false},"author":1,"featured_media":0,"parent":0,"menu_order":0,"comment_status":"closed","ping_status":"closed","template":"","meta":{"footnotes":""},"class_list":["post-4070","page","type-page","status-publish","hentry"],"yoast_head":"<!-- This site is optimized with the Yoast SEO plugin v27.4 - https:\/\/yoast.com\/product\/yoast-seo-wordpress\/ -->\n<title>Geschichte - Domaine Dillet<\/title>\n<meta name=\"robots\" content=\"index, follow, max-snippet:-1, max-image-preview:large, max-video-preview:-1\" \/>\n<link rel=\"canonical\" href=\"https:\/\/www.yvornedillet.ch\/de\/geschichte\/\" \/>\n<meta property=\"og:locale\" content=\"de_DE\" \/>\n<meta property=\"og:type\" content=\"article\" \/>\n<meta property=\"og:title\" content=\"Geschichte - Domaine Dillet\" \/>\n<meta property=\"og:description\" content=\"Das Weingut Das Weingut Dillet Aus Yvorne und Ch\u00e2teau-d\u2019Oex stammend, hat sich seit Generationen ein Zweig der Minod in Yvorne niedergelassen. Die Familie Minod ist seit 1777 B\u00fcrger dieser Gemeinde.&hellip;\" \/>\n<meta property=\"og:url\" content=\"https:\/\/www.yvornedillet.ch\/de\/geschichte\/\" \/>\n<meta property=\"og:site_name\" content=\"Domaine Dillet\" \/>\n<meta property=\"article:publisher\" content=\"https:\/\/www.facebook.com\/Domaine-Dillet-Eric-Minod-107479957840700\" \/>\n<meta property=\"article:modified_time\" content=\"2025-07-13T09:45:32+00:00\" \/>\n<meta property=\"og:image\" content=\"https:\/\/www.yvornedillet.ch\/wp-content\/uploads\/2025\/05\/DSC_0065_editedE1-1-1024x691.jpg\" \/>\n<meta name=\"twitter:card\" content=\"summary_large_image\" \/>\n<meta name=\"twitter:label1\" content=\"Gesch\u00e4tzte Lesezeit\" \/>\n\t<meta name=\"twitter:data1\" content=\"1\u00a0Minute\" \/>\n<script type=\"application\/ld+json\" class=\"yoast-schema-graph\">{\"@context\":\"https:\\\/\\\/schema.org\",\"@graph\":[{\"@type\":\"WebPage\",\"@id\":\"https:\\\/\\\/www.yvornedillet.ch\\\/de\\\/geschichte\\\/\",\"url\":\"https:\\\/\\\/www.yvornedillet.ch\\\/de\\\/geschichte\\\/\",\"name\":\"Geschichte - Domaine Dillet\",\"isPartOf\":{\"@id\":\"https:\\\/\\\/www.yvornedillet.ch\\\/de\\\/#website\"},\"primaryImageOfPage\":{\"@id\":\"https:\\\/\\\/www.yvornedillet.ch\\\/de\\\/geschichte\\\/#primaryimage\"},\"image\":{\"@id\":\"https:\\\/\\\/www.yvornedillet.ch\\\/de\\\/geschichte\\\/#primaryimage\"},\"thumbnailUrl\":\"https:\\\/\\\/www.yvornedillet.ch\\\/wp-content\\\/uploads\\\/2025\\\/05\\\/DSC_0065_editedE1-1-1024x691.jpg\",\"datePublished\":\"2023-09-24T11:21:23+00:00\",\"dateModified\":\"2025-07-13T09:45:32+00:00\",\"breadcrumb\":{\"@id\":\"https:\\\/\\\/www.yvornedillet.ch\\\/de\\\/geschichte\\\/#breadcrumb\"},\"inLanguage\":\"de\",\"potentialAction\":[{\"@type\":\"ReadAction\",\"target\":[\"https:\\\/\\\/www.yvornedillet.ch\\\/de\\\/geschichte\\\/\"]}]},{\"@type\":\"ImageObject\",\"inLanguage\":\"de\",\"@id\":\"https:\\\/\\\/www.yvornedillet.ch\\\/de\\\/geschichte\\\/#primaryimage\",\"url\":\"https:\\\/\\\/www.yvornedillet.ch\\\/wp-content\\\/uploads\\\/2025\\\/05\\\/DSC_0065_editedE1-1-1024x691.jpg\",\"contentUrl\":\"https:\\\/\\\/www.yvornedillet.ch\\\/wp-content\\\/uploads\\\/2025\\\/05\\\/DSC_0065_editedE1-1-1024x691.jpg\"},{\"@type\":\"BreadcrumbList\",\"@id\":\"https:\\\/\\\/www.yvornedillet.ch\\\/de\\\/geschichte\\\/#breadcrumb\",\"itemListElement\":[{\"@type\":\"ListItem\",\"position\":1,\"name\":\"Accueil\",\"item\":\"https:\\\/\\\/www.yvornedillet.ch\\\/de\\\/\"},{\"@type\":\"ListItem\",\"position\":2,\"name\":\"Geschichte\"}]},{\"@type\":\"WebSite\",\"@id\":\"https:\\\/\\\/www.yvornedillet.ch\\\/de\\\/#website\",\"url\":\"https:\\\/\\\/www.yvornedillet.ch\\\/de\\\/\",\"name\":\"Domaine Dillet\",\"description\":\"Yvorne\",\"publisher\":{\"@id\":\"https:\\\/\\\/www.yvornedillet.ch\\\/de\\\/#organization\"},\"potentialAction\":[{\"@type\":\"SearchAction\",\"target\":{\"@type\":\"EntryPoint\",\"urlTemplate\":\"https:\\\/\\\/www.yvornedillet.ch\\\/de\\\/?s={search_term_string}\"},\"query-input\":{\"@type\":\"PropertyValueSpecification\",\"valueRequired\":true,\"valueName\":\"search_term_string\"}}],\"inLanguage\":\"de\"},{\"@type\":\"Organization\",\"@id\":\"https:\\\/\\\/www.yvornedillet.ch\\\/de\\\/#organization\",\"name\":\"Domaine Dillet\",\"url\":\"https:\\\/\\\/www.yvornedillet.ch\\\/de\\\/\",\"logo\":{\"@type\":\"ImageObject\",\"inLanguage\":\"de\",\"@id\":\"https:\\\/\\\/www.yvornedillet.ch\\\/de\\\/#\\\/schema\\\/logo\\\/image\\\/\",\"url\":\"https:\\\/\\\/www.yvornedillet.ch\\\/wp-content\\\/uploads\\\/2018\\\/03\\\/Logo_Dillet.png\",\"contentUrl\":\"https:\\\/\\\/www.yvornedillet.ch\\\/wp-content\\\/uploads\\\/2018\\\/03\\\/Logo_Dillet.png\",\"width\":815,\"height\":738,\"caption\":\"Domaine Dillet\"},\"image\":{\"@id\":\"https:\\\/\\\/www.yvornedillet.ch\\\/de\\\/#\\\/schema\\\/logo\\\/image\\\/\"},\"sameAs\":[\"https:\\\/\\\/www.facebook.com\\\/Domaine-Dillet-Eric-Minod-107479957840700\",\"https:\\\/\\\/www.instagram.com\\\/domainedillet\\\/\"]}]}<\/script>\n<!-- \/ Yoast SEO plugin. -->","yoast_head_json":{"title":"Geschichte - Domaine Dillet","robots":{"index":"index","follow":"follow","max-snippet":"max-snippet:-1","max-image-preview":"max-image-preview:large","max-video-preview":"max-video-preview:-1"},"canonical":"https:\/\/www.yvornedillet.ch\/de\/geschichte\/","og_locale":"de_DE","og_type":"article","og_title":"Geschichte - Domaine Dillet","og_description":"Das Weingut Das Weingut Dillet Aus Yvorne und Ch\u00e2teau-d\u2019Oex stammend, hat sich seit Generationen ein Zweig der Minod in Yvorne niedergelassen. Die Familie Minod ist seit 1777 B\u00fcrger dieser Gemeinde.&hellip;","og_url":"https:\/\/www.yvornedillet.ch\/de\/geschichte\/","og_site_name":"Domaine Dillet","article_publisher":"https:\/\/www.facebook.com\/Domaine-Dillet-Eric-Minod-107479957840700","article_modified_time":"2025-07-13T09:45:32+00:00","og_image":[{"url":"https:\/\/www.yvornedillet.ch\/wp-content\/uploads\/2025\/05\/DSC_0065_editedE1-1-1024x691.jpg","type":"","width":"","height":""}],"twitter_card":"summary_large_image","twitter_misc":{"Gesch\u00e4tzte Lesezeit":"1\u00a0Minute"},"schema":{"@context":"https:\/\/schema.org","@graph":[{"@type":"WebPage","@id":"https:\/\/www.yvornedillet.ch\/de\/geschichte\/","url":"https:\/\/www.yvornedillet.ch\/de\/geschichte\/","name":"Geschichte - Domaine Dillet","isPartOf":{"@id":"https:\/\/www.yvornedillet.ch\/de\/#website"},"primaryImageOfPage":{"@id":"https:\/\/www.yvornedillet.ch\/de\/geschichte\/#primaryimage"},"image":{"@id":"https:\/\/www.yvornedillet.ch\/de\/geschichte\/#primaryimage"},"thumbnailUrl":"https:\/\/www.yvornedillet.ch\/wp-content\/uploads\/2025\/05\/DSC_0065_editedE1-1-1024x691.jpg","datePublished":"2023-09-24T11:21:23+00:00","dateModified":"2025-07-13T09:45:32+00:00","breadcrumb":{"@id":"https:\/\/www.yvornedillet.ch\/de\/geschichte\/#breadcrumb"},"inLanguage":"de","potentialAction":[{"@type":"ReadAction","target":["https:\/\/www.yvornedillet.ch\/de\/geschichte\/"]}]},{"@type":"ImageObject","inLanguage":"de","@id":"https:\/\/www.yvornedillet.ch\/de\/geschichte\/#primaryimage","url":"https:\/\/www.yvornedillet.ch\/wp-content\/uploads\/2025\/05\/DSC_0065_editedE1-1-1024x691.jpg","contentUrl":"https:\/\/www.yvornedillet.ch\/wp-content\/uploads\/2025\/05\/DSC_0065_editedE1-1-1024x691.jpg"},{"@type":"BreadcrumbList","@id":"https:\/\/www.yvornedillet.ch\/de\/geschichte\/#breadcrumb","itemListElement":[{"@type":"ListItem","position":1,"name":"Accueil","item":"https:\/\/www.yvornedillet.ch\/de\/"},{"@type":"ListItem","position":2,"name":"Geschichte"}]},{"@type":"WebSite","@id":"https:\/\/www.yvornedillet.ch\/de\/#website","url":"https:\/\/www.yvornedillet.ch\/de\/","name":"Domaine Dillet","description":"Yvorne","publisher":{"@id":"https:\/\/www.yvornedillet.ch\/de\/#organization"},"potentialAction":[{"@type":"SearchAction","target":{"@type":"EntryPoint","urlTemplate":"https:\/\/www.yvornedillet.ch\/de\/?s={search_term_string}"},"query-input":{"@type":"PropertyValueSpecification","valueRequired":true,"valueName":"search_term_string"}}],"inLanguage":"de"},{"@type":"Organization","@id":"https:\/\/www.yvornedillet.ch\/de\/#organization","name":"Domaine Dillet","url":"https:\/\/www.yvornedillet.ch\/de\/","logo":{"@type":"ImageObject","inLanguage":"de","@id":"https:\/\/www.yvornedillet.ch\/de\/#\/schema\/logo\/image\/","url":"https:\/\/www.yvornedillet.ch\/wp-content\/uploads\/2018\/03\/Logo_Dillet.png","contentUrl":"https:\/\/www.yvornedillet.ch\/wp-content\/uploads\/2018\/03\/Logo_Dillet.png","width":815,"height":738,"caption":"Domaine Dillet"},"image":{"@id":"https:\/\/www.yvornedillet.ch\/de\/#\/schema\/logo\/image\/"},"sameAs":["https:\/\/www.facebook.com\/Domaine-Dillet-Eric-Minod-107479957840700","https:\/\/www.instagram.com\/domainedillet\/"]}]}},"_links":{"self":[{"href":"https:\/\/www.yvornedillet.ch\/de\/wp-json\/wp\/v2\/pages\/4070","targetHints":{"allow":["GET"]}}],"collection":[{"href":"https:\/\/www.yvornedillet.ch\/de\/wp-json\/wp\/v2\/pages"}],"about":[{"href":"https:\/\/www.yvornedillet.ch\/de\/wp-json\/wp\/v2\/types\/page"}],"author":[{"embeddable":true,"href":"https:\/\/www.yvornedillet.ch\/de\/wp-json\/wp\/v2\/users\/1"}],"replies":[{"embeddable":true,"href":"https:\/\/www.yvornedillet.ch\/de\/wp-json\/wp\/v2\/comments?post=4070"}],"version-history":[{"count":1,"href":"https:\/\/www.yvornedillet.ch\/de\/wp-json\/wp\/v2\/pages\/4070\/revisions"}],"predecessor-version":[{"id":4074,"href":"https:\/\/www.yvornedillet.ch\/de\/wp-json\/wp\/v2\/pages\/4070\/revisions\/4074"}],"wp:attachment":[{"href":"https:\/\/www.yvornedillet.ch\/de\/wp-json\/wp\/v2\/media?parent=4070"}],"curies":[{"name":"wp","href":"https:\/\/api.w.org\/{rel}","templated":true}]}}